{"id":14448,"date":"2021-05-06T08:16:05","date_gmt":"2021-05-06T11:16:05","guid":{"rendered":"http:\/\/www.centrowhite.org.br\/?page_id=14448"},"modified":"2021-05-06T08:16:05","modified_gmt":"2021-05-06T11:16:05","slug":"credenciados","status":"publish","type":"page","link":"https:\/\/brendolin.com.br\/centrowhite\/mcw\/credenciados\/","title":{"rendered":"Minicentros White Oficiais"},"content":{"rendered":"<h1>Minicentros White Oficiais<\/h1>\n<p>Todos os Minicentros estabelecidos at\u00e9 hoje foram de iniciativa das igrejas e institui\u00e7\u00f5es nas quais se encontram localizadas, sem qualquer subs\u00eddio provenientes do Centro de Pesquisas &#8220;Ellen G. White&#8221; ou da Organiza\u00e7\u00e3o superior. Esperamos que mais igrejas e institui\u00e7\u00f5es sigam o exemplo das aqui mencionadas, no sentido de disponibilizar aos seus membros e\/ou alunos esses valiosos materiais.<\/p>\n<p>Caso o seu MCW n\u00e3o conste em nossa lita, favor enviar documenta\u00e7\u00e3o para recredenciamento 2021 para um dos meios de contato: <a href=\"mailto:minicentros.egw@unasp.edu.br\">minicentros.egw@unasp.edu.br<\/a> ou <a href=\"https:\/\/api.whatsapp.com\/send?phone=551938589033\" target=\"_blank\" rel=\"noopener\">(19) 3858-9033<\/a>.<\/p>\n<p>.<br \/>\n<strong>UNI\u00c3O CENTRAL BRASILEIRA &#8211; UCB<\/strong><br \/>\nCA da Alvorada<br \/>\nCA da Liberdade<br \/>\nCA de Cidade Ademar<br \/>\nCA de Cotia<br \/>\nCA de Diadema<br \/>\nCA de Interlagos<br \/>\nCA de Itapecerica da Serra<br \/>\nCA de Jacare\u00ed<br \/>\nCA de Lorena<br \/>\nCA de Paul\u00ednia<br \/>\nCA de Piracicaba<br \/>\nCA de Presidente Prudente<br \/>\nCA de Registro<br \/>\nCA de Ribeir\u00e3o Preto<br \/>\nCA de S. Jos\u00e9 do Rio Preto<br \/>\nCA de Santo Amaro<br \/>\nCA de Santo Andr\u00e9<br \/>\nCA de Santos<br \/>\nCA de S\u00e3o Carlos<br \/>\nCA de S\u00e3o Jos\u00e9 dos Campos<br \/>\nCA de Sorocaba<br \/>\nCA de Tabo\u00e3o da Serra<br \/>\nCA de Tatu\u00ed<br \/>\nCA de Tup\u00e3<br \/>\nCA de Vila Galv\u00e3o<br \/>\nCA de Vila Yara<br \/>\nCA de Votuporanga<br \/>\nCA do Campo Limpo<br \/>\nCA e IASD de Bauru<br \/>\nCA Ellen G. White<br \/>\nCA S\u00e3o Caetano do Sul<br \/>\nEA Araraquara<br \/>\nEA de Campo de Fora<br \/>\nEA de Campo Grande<br \/>\nEA de Catanduva<br \/>\nEA de Lins<br \/>\nEA de Pedreira<br \/>\nEA Thiago White<br \/>\nIASD de Jardim Trememb\u00e9<br \/>\nIASD de Mar\u00edlia<br \/>\nIASD de Vila R\u00e9<br \/>\nIASD do Bel\u00e9m<br \/>\nIASD do Brooklin<br \/>\nIASD do Mandaqui<br \/>\nIASD Parque Industrial<br \/>\nUnasp Campus Hortol\u00e2ndia (IASP)<\/p>\n<p>.<br \/>\n<strong>UNI\u00c3O CENTRO-OESTRE BRASILEIRA &#8211; UCOB<\/strong><br \/>\nCA Jardim Leblon<br \/>\nIASD Central de Colniza<br \/>\nInstituto Adventista Brasil Central (IABC)<\/p>\n<p>.<br \/>\n<strong>UNI\u00c3O LESTE BRASILEIRA &#8211; ULB<\/strong><br \/>\nCA de Luis Eduardo Magalhaes<br \/>\nIASD Bairro Brasil<br \/>\nIASD Joaquim Romao<br \/>\nIASD Kadija<\/p>\n<p>.<br \/>\n<strong>UNI\u00c3O NORTE BRASILEIRA &#8211; UNB<\/strong><br \/>\nCA da Cidade Nova V<br \/>\nCA de Correios<br \/>\nCA de Imperatriz<br \/>\nCA de Macap\u00e1<br \/>\nEA da Marambaia<br \/>\nEA de Icoaraci<br \/>\nEA do Coqueiro<br \/>\nIASD Central de Paraiba<br \/>\nIASD Central Socopo<\/p>\n<p>.<br \/>\n<strong>UNI\u00c3O NORDESTE BRASILEIRA &#8211; UNEB<\/strong><br \/>\nIASD Central de Teresina<br \/>\nIASD Escola de Profetas<\/p>\n<p>.<br \/>\n<strong>UNI\u00c3O SUL BRASILEIRA &#8211; USB<\/strong><br \/>\nAssocia\u00e7\u00e3o Central Paranaense<br \/>\nAssocia\u00e7\u00e3o Mineira Central<br \/>\nCA Alto Boqueir\u00e3o<br \/>\nCA Boa Vista<br \/>\nCA Boqueir\u00e3o<br \/>\nCA Centen\u00e1rio<br \/>\nCA Costa e Silva<br \/>\nCA Curitibano Bom Retiro<br \/>\nCA de Campo Mour\u00e3o<br \/>\nCA de Cascavel<br \/>\nCA de Duque de Caxias<br \/>\nCA de Esteio<br \/>\nCA de Florian\u00f3polis &#8211; Centro<br \/>\nCA de Florian\u00f3polis &#8211; Estreito<br \/>\nCA de Foz do Igua\u00e7u<br \/>\nCA de Gravata\u00ed<br \/>\nCA de Guarapuava<br \/>\nCA de Indaial<br \/>\nCA de Itaja\u00ed<br \/>\nCA de Jacarepagu\u00e1<br \/>\nCA de Londrina<br \/>\nCA de Maring\u00e1 &#8211; SEDE<br \/>\nCA de Maring\u00e1 &#8211; SUBSEDE<br \/>\nCA de Novo Hamburgo<br \/>\nCA de Os\u00f3rio<br \/>\nCA de Partenon<br \/>\nCA de Porto Alegre<br \/>\nCA de S\u00e3o Borja<br \/>\nCA de S\u00e3o Francisco do Sul<br \/>\nCA de Tel\u00eamaco Borba (Boa vista)<br \/>\nCA de Viam\u00e3o<br \/>\nCA Marechal Rondon<br \/>\nCA Paranagu\u00e1<br \/>\nCA Port\u00e3o<br \/>\nCA Sagua\u00e7u &#8211; Joinville<br \/>\nCA S\u00e3o Jos\u00e9 dos Pinhais<br \/>\nEA de Alvorada<br \/>\nEA de Apucarana<br \/>\nEA de Blumenau<br \/>\nEA de Bom Retiro<br \/>\nEA de Canudos<br \/>\nEA de Caxias do Sul<br \/>\nEA de Chapec\u00f3<br \/>\nEA de Crici\u00fama<br \/>\nEA de Ensino Fundamental de Cachoeirinha<br \/>\nEA de Iju\u00ed<br \/>\nEA de Imbituba<br \/>\nEA de Joinville &#8211; Centro<br \/>\nEA de Pelotas<br \/>\nEA de Rio do Sul<br \/>\nEA de Rio Grande<br \/>\nEA de Santa Isabel<br \/>\nEA de Sarandi<br \/>\nEA de Tubar\u00e3o<br \/>\nEA de Umuarama<br \/>\nEA do Bom Retiro &#8211; Joinville<br \/>\nEA Santa Cec\u00edlia<br \/>\nEscola Pastor Ivo Souza<br \/>\nFadminas campus I<br \/>\nFadminas campus II<br \/>\nIASD Boqueir\u00e3o<br \/>\nIASD Central de Curitiba<br \/>\nIASD Central de Florian\u00f3polis<br \/>\nIASD Central de Itaja\u00ed<br \/>\nIASD Central de Joinville<br \/>\nIASD Central de Pouso Alegre<br \/>\nIASD Central Tubar\u00e3o<br \/>\nIASD de Ant\u00f4nio Carlos<br \/>\nIASD de Contagem<br \/>\nIASD de Estreito<br \/>\nIASD de Rio Maina<br \/>\nIASD Na\u00e7\u00f5es<br \/>\nIASD Santa Terezinha<br \/>\nInstituto Adventista Cruzeiro do Sul (IACS)<br \/>\nInstituto Adventista de Ensino de Santa Catarina (IAESC)<br \/>\nInstituto Adventista Paranaense (IAP)<\/p>\n<p>.<br \/>\n<strong>UNI\u00c3O SUDESTE BRASILEIRA &#8211; USEB<\/strong><br \/>\nCA de Campo Grande<br \/>\nCA de Itabora\u00ed<br \/>\nCA de Niter\u00f3i<br \/>\nCol\u00e9gio Adventista de Tijuca<br \/>\nEA de Botafogo<br \/>\nEA do IBES<br \/>\nIASD Central de Itapemirim<br \/>\nIASD da Baixada<br \/>\nIASD de S\u00e3o Jo\u00e3o de Vi\u00e7osa<br \/>\nInstituto Petropolitano Adventista de Ensino (IPAE)\t\t<\/p>\n","protected":false},"excerpt":{"rendered":"<p>Minicentros White Oficiais Todos os Minicentros estabelecidos at\u00e9 hoje foram de iniciativa das igrejas e institui\u00e7\u00f5es nas quais se encontram localizadas, sem qualquer subs\u00eddio provenientes do Centro de Pesquisas &#8220;Ellen G. White&#8221; ou da Organiza\u00e7\u00e3o superior. Esperamos que mais igrejas e institui\u00e7\u00f5es sigam o exemplo das aqui mencionadas, no sentido de disponibilizar aos seus membros [&hellip;]<\/p>\n","protected":false},"author":1,"featured_media":0,"parent":16133,"menu_order":0,"comment_status":"closed","ping_status":"closed","template":"page-no-title-with-indent.php","meta":{"footnotes":""},"class_list":["post-14448","page","type-page","status-publish","hentry"],"_links":{"self":[{"href":"https:\/\/brendolin.com.br\/centrowhite\/wp-json\/wp\/v2\/pages\/14448","targetHints":{"allow":["GET"]}}],"collection":[{"href":"https:\/\/brendolin.com.br\/centrowhite\/wp-json\/wp\/v2\/pages"}],"about":[{"href":"https:\/\/brendolin.com.br\/centrowhite\/wp-json\/wp\/v2\/types\/page"}],"author":[{"embeddable":true,"href":"https:\/\/brendolin.com.br\/centrowhite\/wp-json\/wp\/v2\/users\/1"}],"replies":[{"embeddable":true,"href":"https:\/\/brendolin.com.br\/centrowhite\/wp-json\/wp\/v2\/comments?post=14448"}],"version-history":[{"count":0,"href":"https:\/\/brendolin.com.br\/centrowhite\/wp-json\/wp\/v2\/pages\/14448\/revisions"}],"up":[{"embeddable":true,"href":"https:\/\/brendolin.com.br\/centrowhite\/wp-json\/wp\/v2\/pages\/16133"}],"wp:attachment":[{"href":"https:\/\/brendolin.com.br\/centrowhite\/wp-json\/wp\/v2\/media?parent=14448"}],"curies":[{"name":"wp","href":"https:\/\/api.w.org\/{rel}","templated":true}]}}